{"id":11438,"date":"2024-07-10T17:01:39","date_gmt":"2024-07-10T15:01:39","guid":{"rendered":"http:\/\/tvxdcue.cluster031.hosting.ovh.net\/Site_wb_crl10\/?post_type=annonce&#038;p=11438"},"modified":"2025-11-03T13:40:17","modified_gmt":"2025-11-03T12:40:17","slug":"devenez-benevole-des-voix-sur-berges","status":"publish","type":"annonce","link":"https:\/\/www.crl10.net\/index.php\/annonce\/devenez-benevole-des-voix-sur-berges\/","title":{"rendered":"Devenez b\u00e9n\u00e9vole des Voix sur Berges"},"content":{"rendered":"\n<p>Notre festival a besoin de vous ! Chaque ann\u00e9e, il est port\u00e9 par ses b\u00e9n\u00e9voles.<br>Son organisation repose sur vos \u00e9nergies et vos talents !<br>Vous souhaitez nous aider le dimanche 22 juin 2025, pour les trente ans des Voix sur Berges ? Prenez-contact avec nous !<\/p>\n","protected":false},"featured_media":9842,"template":"","meta":{"_acf_changed":false,"give_campaign_id":0,"footnotes":""},"contrat":[114],"class_list":["post-11438","annonce","type-annonce","status-publish","has-post-thumbnail","hentry","contrat-benevolat"],"acf":[],"yoast_head":"<!-- This site is optimized with the Yoast SEO plugin v27.5 - https:\/\/yoast.com\/product\/yoast-seo-wordpress\/ -->\n<title>Devenez b\u00e9n\u00e9vole des Voix sur Berges - CRL10<\/title>\n<meta name=\"robots\" content=\"index, follow, max-snippet:-1, max-image-preview:large, max-video-preview:-1\" \/>\n<link rel=\"canonical\" href=\"https:\/\/www.crl10.net\/index.php\/annonce\/devenez-benevole-des-voix-sur-berges\/\" \/>\n<meta property=\"og:locale\" content=\"fr_FR\" \/>\n<meta property=\"og:type\" content=\"article\" \/>\n<meta property=\"og:title\" content=\"Devenez b\u00e9n\u00e9vole des Voix sur Berges - CRL10\" \/>\n<meta property=\"og:description\" content=\"Notre festival a besoin de vous ! Chaque ann\u00e9e, il est port\u00e9 par ses b\u00e9n\u00e9voles.Son organisation repose sur vos \u00e9nergies et vos talents !Vous souhaitez nous aider le dimanche 22 juin 2025, pour les trente ans des Voix sur Berges ? Prenez-contact avec nous !\" \/>\n<meta property=\"og:url\" content=\"https:\/\/www.crl10.net\/index.php\/annonce\/devenez-benevole-des-voix-sur-berges\/\" \/>\n<meta property=\"og:site_name\" content=\"CRL10\" \/>\n<meta property=\"article:publisher\" content=\"https:\/\/www.facebook.com\/assocrl10\" \/>\n<meta property=\"article:modified_time\" content=\"2025-11-03T12:40:17+00:00\" \/>\n<meta property=\"og:image\" content=\"https:\/\/www.crl10.net\/wp-content\/uploads\/2019\/01\/DSC03905.png\" \/>\n\t<meta property=\"og:image:width\" content=\"900\" \/>\n\t<meta property=\"og:image:height\" content=\"778\" \/>\n\t<meta property=\"og:image:type\" content=\"image\/png\" \/>\n<meta name=\"twitter:card\" content=\"summary_large_image\" \/>\n<meta name=\"twitter:label1\" content=\"Dur\u00e9e de lecture estim\u00e9e\" \/>\n\t<meta name=\"twitter:data1\" content=\"1 minute\" \/>\n<script type=\"application\/ld+json\" class=\"yoast-schema-graph\">{\"@context\":\"https:\\\/\\\/schema.org\",\"@graph\":[{\"@type\":\"WebPage\",\"@id\":\"https:\\\/\\\/www.crl10.net\\\/index.php\\\/annonce\\\/devenez-benevole-des-voix-sur-berges\\\/\",\"url\":\"https:\\\/\\\/www.crl10.net\\\/index.php\\\/annonce\\\/devenez-benevole-des-voix-sur-berges\\\/\",\"name\":\"Devenez b\u00e9n\u00e9vole des Voix sur Berges - CRL10\",\"isPartOf\":{\"@id\":\"https:\\\/\\\/www.crl10.net\\\/#website\"},\"primaryImageOfPage\":{\"@id\":\"https:\\\/\\\/www.crl10.net\\\/index.php\\\/annonce\\\/devenez-benevole-des-voix-sur-berges\\\/#primaryimage\"},\"image\":{\"@id\":\"https:\\\/\\\/www.crl10.net\\\/index.php\\\/annonce\\\/devenez-benevole-des-voix-sur-berges\\\/#primaryimage\"},\"thumbnailUrl\":\"https:\\\/\\\/www.crl10.net\\\/wp-content\\\/uploads\\\/2019\\\/01\\\/DSC03905.png\",\"datePublished\":\"2024-07-10T15:01:39+00:00\",\"dateModified\":\"2025-11-03T12:40:17+00:00\",\"breadcrumb\":{\"@id\":\"https:\\\/\\\/www.crl10.net\\\/index.php\\\/annonce\\\/devenez-benevole-des-voix-sur-berges\\\/#breadcrumb\"},\"inLanguage\":\"fr-FR\",\"potentialAction\":[{\"@type\":\"ReadAction\",\"target\":[\"https:\\\/\\\/www.crl10.net\\\/index.php\\\/annonce\\\/devenez-benevole-des-voix-sur-berges\\\/\"]}]},{\"@type\":\"ImageObject\",\"inLanguage\":\"fr-FR\",\"@id\":\"https:\\\/\\\/www.crl10.net\\\/index.php\\\/annonce\\\/devenez-benevole-des-voix-sur-berges\\\/#primaryimage\",\"url\":\"https:\\\/\\\/www.crl10.net\\\/wp-content\\\/uploads\\\/2019\\\/01\\\/DSC03905.png\",\"contentUrl\":\"https:\\\/\\\/www.crl10.net\\\/wp-content\\\/uploads\\\/2019\\\/01\\\/DSC03905.png\",\"width\":900,\"height\":778,\"caption\":\"Voix sur Berges 2023\"},{\"@type\":\"BreadcrumbList\",\"@id\":\"https:\\\/\\\/www.crl10.net\\\/index.php\\\/annonce\\\/devenez-benevole-des-voix-sur-berges\\\/#breadcrumb\",\"itemListElement\":[{\"@type\":\"ListItem\",\"position\":1,\"name\":\"Accueil\",\"item\":\"https:\\\/\\\/www.crl10.net\\\/\"},{\"@type\":\"ListItem\",\"position\":2,\"name\":\"Devenez b\u00e9n\u00e9vole des Voix sur Berges\"}]},{\"@type\":\"WebSite\",\"@id\":\"https:\\\/\\\/www.crl10.net\\\/#website\",\"url\":\"https:\\\/\\\/www.crl10.net\\\/\",\"name\":\"CRL10\",\"description\":\"Education populaire, Paris 10e\",\"publisher\":{\"@id\":\"https:\\\/\\\/www.crl10.net\\\/#organization\"},\"potentialAction\":[{\"@type\":\"SearchAction\",\"target\":{\"@type\":\"EntryPoint\",\"urlTemplate\":\"https:\\\/\\\/www.crl10.net\\\/?s={search_term_string}\"},\"query-input\":{\"@type\":\"PropertyValueSpecification\",\"valueRequired\":true,\"valueName\":\"search_term_string\"}}],\"inLanguage\":\"fr-FR\"},{\"@type\":\"Organization\",\"@id\":\"https:\\\/\\\/www.crl10.net\\\/#organization\",\"name\":\"CRL10\",\"url\":\"https:\\\/\\\/www.crl10.net\\\/\",\"logo\":{\"@type\":\"ImageObject\",\"inLanguage\":\"fr-FR\",\"@id\":\"https:\\\/\\\/www.crl10.net\\\/#\\\/schema\\\/logo\\\/image\\\/\",\"url\":\"https:\\\/\\\/www.crl10.net\\\/wp-content\\\/uploads\\\/2022\\\/07\\\/CRL_logo_site.jpg\",\"contentUrl\":\"https:\\\/\\\/www.crl10.net\\\/wp-content\\\/uploads\\\/2022\\\/07\\\/CRL_logo_site.jpg\",\"width\":350,\"height\":100,\"caption\":\"CRL10\"},\"image\":{\"@id\":\"https:\\\/\\\/www.crl10.net\\\/#\\\/schema\\\/logo\\\/image\\\/\"},\"sameAs\":[\"https:\\\/\\\/www.facebook.com\\\/assocrl10\",\"https:\\\/\\\/www.instagram.com\\\/asso_crl10\\\/\",\"https:\\\/\\\/www.youtube.com\\\/@asso_crl10\",\"https:\\\/\\\/www.linkedin.com\\\/company\\\/crl10\\\/\",\"https:\\\/\\\/soundcloud.com\\\/user-291561763\",\"https:\\\/\\\/www.tiktok.com\\\/@asso_crl10\"]}]}<\/script>\n<!-- \/ Yoast SEO plugin. -->","yoast_head_json":{"title":"Devenez b\u00e9n\u00e9vole des Voix sur Berges - CRL10","robots":{"index":"index","follow":"follow","max-snippet":"max-snippet:-1","max-image-preview":"max-image-preview:large","max-video-preview":"max-video-preview:-1"},"canonical":"https:\/\/www.crl10.net\/index.php\/annonce\/devenez-benevole-des-voix-sur-berges\/","og_locale":"fr_FR","og_type":"article","og_title":"Devenez b\u00e9n\u00e9vole des Voix sur Berges - CRL10","og_description":"Notre festival a besoin de vous ! Chaque ann\u00e9e, il est port\u00e9 par ses b\u00e9n\u00e9voles.Son organisation repose sur vos \u00e9nergies et vos talents !Vous souhaitez nous aider le dimanche 22 juin 2025, pour les trente ans des Voix sur Berges ? Prenez-contact avec nous !","og_url":"https:\/\/www.crl10.net\/index.php\/annonce\/devenez-benevole-des-voix-sur-berges\/","og_site_name":"CRL10","article_publisher":"https:\/\/www.facebook.com\/assocrl10","article_modified_time":"2025-11-03T12:40:17+00:00","og_image":[{"width":900,"height":778,"url":"https:\/\/www.crl10.net\/wp-content\/uploads\/2019\/01\/DSC03905.png","type":"image\/png"}],"twitter_card":"summary_large_image","twitter_misc":{"Dur\u00e9e de lecture estim\u00e9e":"1 minute"},"schema":{"@context":"https:\/\/schema.org","@graph":[{"@type":"WebPage","@id":"https:\/\/www.crl10.net\/index.php\/annonce\/devenez-benevole-des-voix-sur-berges\/","url":"https:\/\/www.crl10.net\/index.php\/annonce\/devenez-benevole-des-voix-sur-berges\/","name":"Devenez b\u00e9n\u00e9vole des Voix sur Berges - CRL10","isPartOf":{"@id":"https:\/\/www.crl10.net\/#website"},"primaryImageOfPage":{"@id":"https:\/\/www.crl10.net\/index.php\/annonce\/devenez-benevole-des-voix-sur-berges\/#primaryimage"},"image":{"@id":"https:\/\/www.crl10.net\/index.php\/annonce\/devenez-benevole-des-voix-sur-berges\/#primaryimage"},"thumbnailUrl":"https:\/\/www.crl10.net\/wp-content\/uploads\/2019\/01\/DSC03905.png","datePublished":"2024-07-10T15:01:39+00:00","dateModified":"2025-11-03T12:40:17+00:00","breadcrumb":{"@id":"https:\/\/www.crl10.net\/index.php\/annonce\/devenez-benevole-des-voix-sur-berges\/#breadcrumb"},"inLanguage":"fr-FR","potentialAction":[{"@type":"ReadAction","target":["https:\/\/www.crl10.net\/index.php\/annonce\/devenez-benevole-des-voix-sur-berges\/"]}]},{"@type":"ImageObject","inLanguage":"fr-FR","@id":"https:\/\/www.crl10.net\/index.php\/annonce\/devenez-benevole-des-voix-sur-berges\/#primaryimage","url":"https:\/\/www.crl10.net\/wp-content\/uploads\/2019\/01\/DSC03905.png","contentUrl":"https:\/\/www.crl10.net\/wp-content\/uploads\/2019\/01\/DSC03905.png","width":900,"height":778,"caption":"Voix sur Berges 2023"},{"@type":"BreadcrumbList","@id":"https:\/\/www.crl10.net\/index.php\/annonce\/devenez-benevole-des-voix-sur-berges\/#breadcrumb","itemListElement":[{"@type":"ListItem","position":1,"name":"Accueil","item":"https:\/\/www.crl10.net\/"},{"@type":"ListItem","position":2,"name":"Devenez b\u00e9n\u00e9vole des Voix sur Berges"}]},{"@type":"WebSite","@id":"https:\/\/www.crl10.net\/#website","url":"https:\/\/www.crl10.net\/","name":"CRL10","description":"Education populaire, Paris 10e","publisher":{"@id":"https:\/\/www.crl10.net\/#organization"},"potentialAction":[{"@type":"SearchAction","target":{"@type":"EntryPoint","urlTemplate":"https:\/\/www.crl10.net\/?s={search_term_string}"},"query-input":{"@type":"PropertyValueSpecification","valueRequired":true,"valueName":"search_term_string"}}],"inLanguage":"fr-FR"},{"@type":"Organization","@id":"https:\/\/www.crl10.net\/#organization","name":"CRL10","url":"https:\/\/www.crl10.net\/","logo":{"@type":"ImageObject","inLanguage":"fr-FR","@id":"https:\/\/www.crl10.net\/#\/schema\/logo\/image\/","url":"https:\/\/www.crl10.net\/wp-content\/uploads\/2022\/07\/CRL_logo_site.jpg","contentUrl":"https:\/\/www.crl10.net\/wp-content\/uploads\/2022\/07\/CRL_logo_site.jpg","width":350,"height":100,"caption":"CRL10"},"image":{"@id":"https:\/\/www.crl10.net\/#\/schema\/logo\/image\/"},"sameAs":["https:\/\/www.facebook.com\/assocrl10","https:\/\/www.instagram.com\/asso_crl10\/","https:\/\/www.youtube.com\/@asso_crl10","https:\/\/www.linkedin.com\/company\/crl10\/","https:\/\/soundcloud.com\/user-291561763","https:\/\/www.tiktok.com\/@asso_crl10"]}]}},"_links":{"self":[{"href":"https:\/\/www.crl10.net\/index.php\/wp-json\/wp\/v2\/annonce\/11438","targetHints":{"allow":["GET"]}}],"collection":[{"href":"https:\/\/www.crl10.net\/index.php\/wp-json\/wp\/v2\/annonce"}],"about":[{"href":"https:\/\/www.crl10.net\/index.php\/wp-json\/wp\/v2\/types\/annonce"}],"version-history":[{"count":2,"href":"https:\/\/www.crl10.net\/index.php\/wp-json\/wp\/v2\/annonce\/11438\/revisions"}],"predecessor-version":[{"id":17478,"href":"https:\/\/www.crl10.net\/index.php\/wp-json\/wp\/v2\/annonce\/11438\/revisions\/17478"}],"wp:featuredmedia":[{"embeddable":true,"href":"https:\/\/www.crl10.net\/index.php\/wp-json\/wp\/v2\/media\/9842"}],"wp:attachment":[{"href":"https:\/\/www.crl10.net\/index.php\/wp-json\/wp\/v2\/media?parent=11438"}],"wp:term":[{"taxonomy":"contrat","embeddable":true,"href":"https:\/\/www.crl10.net\/index.php\/wp-json\/wp\/v2\/contrat?post=11438"}],"curies":[{"name":"wp","href":"https:\/\/api.w.org\/{rel}","templated":true}]}}